{"id":3,"date":"2022-11-22T16:26:36","date_gmt":"2022-11-22T15:26:36","guid":{"rendered":"http:\/\/samiez.de\/?page_id=3"},"modified":"2026-01-30T09:15:03","modified_gmt":"2026-01-30T08:15:03","slug":"datenschutzerklaerung","status":"publish","type":"page","link":"https:\/\/www.samiez.de\/geruestbau\/datenschutzerklaerung\/","title":{"rendered":"Datenschutzerkl\u00e4rung"},"content":{"rendered":"\t\t<div data-elementor-type=\"wp-page\" data-elementor-id=\"3\" class=\"elementor elementor-3\" data-elementor-post-type=\"page\">\n\t\t\t\t\t\t<section class=\"elementor-section elementor-top-section elementor-element elementor-element-325175ef elementor-section-boxed elementor-section-height-default elementor-section-height-default\" data-id=\"325175ef\" data-element_type=\"section\" data-e-type=\"section\">\n\t\t\t\t\t\t<div class=\"elementor-container elementor-column-gap-default\">\n\t\t\t\t\t<div class=\"elementor-column elementor-col-100 elementor-top-column elementor-element elementor-element-45af18f4\" data-id=\"45af18f4\" data-element_type=\"column\" data-e-type=\"column\">\n\t\t\t<div class=\"elementor-widget-wrap elementor-element-populated\">\n\t\t\t\t\t\t<div class=\"elementor-element elementor-element-a441683 elementor-widget elementor-widget-heading\" data-id=\"a441683\" data-element_type=\"widget\" data-e-type=\"widget\" data-widget_type=\"heading.default\">\n\t\t\t\t\t<h2 class=\"elementor-heading-title elementor-size-default\">Datenschutz&shy;erkl\u00e4rung<\/h2>\t\t\t\t<\/div>\n\t\t\t\t<div class=\"elementor-element elementor-element-7eebe343 elementor-widget__width-initial elementor-widget elementor-widget-text-editor\" data-id=\"7eebe343\" data-element_type=\"widget\" data-e-type=\"widget\" data-widget_type=\"text-editor.default\">\n\t\t\t\t\t\t\t\t\t<p>\u00a0<\/p><p>Der Datenschutz ist der Ger\u00fcstbau Samiez GmbH ein besonderes Anliegen. Unsere Anstrengungen insbesondere den Anforderungen der Europ\u00e4ischen Datenschutzgrundverordnung (DSGVO) und dem Bundesdatenschutzgesetz in seiner neuen Fassung gerecht zu werden, sind in erster Linie an dem Ziel ausgerichtet Ihre Privat- und Pers\u00f6nlichkeitssph\u00e4re zu achten.<\/p><p>F\u00fcr moderne Unternehmen wie der Ger\u00fcstbau Samiez GmbH ist heutzutage die Nutzung elektronischer Datenverarbeitungsanlagen (EDV) unabdingbar. Hierbei wird unsererseits selbstverst\u00e4ndlich ein H\u00f6chstma\u00df dabei angelegt, die gesetzlichen Regelungen zu beachten.<\/p><p>Eine Nutzung der Internetseiten der Ger\u00fcstbau Samiez GmbH ist grunds\u00e4tzlich ohne jede Angabe personenbezogener Daten m\u00f6glich. Sofern eine betroffene Person besondere Services unseres Unternehmens \u00fcber unsere Internetseite in Anspruch nehmen m\u00f6chte, k\u00f6nnte jedoch eine Verarbeitung personenbezogener Daten erforderlich werden. Ist die Verarbeitung personenbezogener Daten erforderlich und besteht f\u00fcr eine solche Verarbeitung keine gesetzliche Grundlage, holen wir generell eine Einwilligung der betroffenen Person ein.<\/p><p>Wir werden Ihre pers\u00f6nlichen Informationen in keinem Fall an Dritte f\u00fcr deren Marketingzwecke oder sonstige Zwecke verkaufen oder vermieten. Wenn Sie mit den Bestimmungen der Datenschutzbestimmungen nicht einverstanden sind, senden Sie bitte keine personenbezogenen Daten an uns.<\/p><p>\u00a0<\/p><p><strong>1. Allgemeines \/ Begriffsbestimmungen<\/strong><\/p><p>Diese Datenschutzerkl\u00e4rung basiert auf Begriffen der DSGVO und soll f\u00fcr jede Person einfach lesbar und verst\u00e4ndlich sein. Daher m\u00f6chten wir vorab diverse Begriffe erl\u00e4utern:<\/p><p>\u00a0<\/p><p><strong>a) personenbezogene Daten<\/strong><\/p><p>Personenbezogene Daten sind alle Informationen, die sich auf eine identifizierte oder identifizierbare nat\u00fcrliche Person (im Folgenden \u201ebetroffene Person\u201c) beziehen. Als identifizierbar wird eine nat\u00fcrliche Person angesehen, die direkt oder indirekt, insbesondere mittels Zuordnung zu einer Kennung wie einem Namen, zu einer Kennnummer, zu Standortdaten, zu einer Online-Kennung oder zu einem oder mehreren besonderen Merkmalen, die Ausdruck der physischen, physiologischen, genetischen, psychischen, wirtschaftlichen, kulturellen oder sozialen Identit\u00e4t dieser nat\u00fcrlichen Person sind, identifiziert werden kann.<\/p><p>\u00a0<\/p><p><strong>b) betroffene Person \/ Betroffener<\/strong><\/p><p>Betroffene Person ist jede identifizierte oder identifizierbare nat\u00fcrliche Person, deren personenbezogene Daten von dem f\u00fcr die Verarbeitung Verantwortlichen verarbeitet werden.<\/p><p>\u00a0<\/p><p><strong>c) Verarbeitung<\/strong><\/p><p>Verarbeitung ist jeder mit oder ohne Hilfe automatisierter Verfahren ausgef\u00fchrte Vorgang oder jede solche Vorgangsreihe im Zusammenhang mit personenbezogenen Daten wie das Erheben, das Erfassen, die Organisation, das Ordnen, die Speicherung, die Anpassung oder Ver\u00e4nderung, das Auslesen, das Abfragen, die Verwendung, die Offenlegung durch \u00dcbermittlung, Verbreitung oder eine andere Form der Bereitstellung, den Abgleich oder die Verkn\u00fcpfung, die Einschr\u00e4nkung, das L\u00f6schen oder die Vernichtung.<\/p><p>\u00a0<\/p><p><strong>d) Einschr\u00e4nkung der Verarbeitung<\/strong><\/p><p>Einschr\u00e4nkung der Verarbeitung ist die Markierung gespeicherter personenbezogener Daten mit dem Ziel, ihre k\u00fcnftige Verarbeitung einzuschr\u00e4nken.<\/p><p>\u00a0<\/p><p><strong>e)Profiling<\/strong><\/p><p>Profiling ist jede Art der automatisierten Verarbeitung personenbezogener Daten, die darin besteht, dass diese personenbezogenen Daten verwendet werden, um bestimmte pers\u00f6nliche Aspekte, die sich auf eine nat\u00fcrliche Person beziehen, zu bewerten, insbesondere, um Aspekte bez\u00fcglich Arbeitsleistung, wirtschaftlicher Lage, Gesundheit, pers\u00f6nlicher Vorlieben, Interessen, Zuverl\u00e4ssigkeit, Verhalten, Aufenthaltsort oder Ortswechsel dieser nat\u00fcrlichen Person zu analysieren oder vorherzusagen.<\/p><p>\u00a0<\/p><p><strong>f) Pseudonymisierung<\/strong><\/p><p>Pseudonymisierung ist die Verarbeitung personenbezogener Daten in einer Weise, auf welche die personenbezogenen Daten ohne Hinzuziehung zus\u00e4tzlicher Informationen nicht mehr einer spezifischen betroffenen Person zugeordnet werden k\u00f6nnen, sofern diese zus\u00e4tzlichen Informationen gesondert aufbewahrt werden und technischen und organisatorischen Ma\u00dfnahmen unterliegen, die gew\u00e4hrleisten, dass die personenbezogenen Daten nicht einer identifizierten oder identifizierbaren nat\u00fcrlichen Person zugewiesen werden.<\/p><p>\u00a0<\/p><p><strong>g) Verantwortlicher <\/strong><\/p><p>Verantwortlicher ist die nat\u00fcrliche oder juristische Person, Beh\u00f6rde, Einrichtung oder andere Stelle, die allein oder gemeinsam mit anderen \u00fcber die Zwecke und Mittel der Verarbeitung von personenbezogenen Daten entscheidet. Sind die Zwecke und Mittel dieser Verarbeitung durch das Unionsrecht oder das Recht der Mitgliedstaaten vorgegeben, so kann der Verantwortliche beziehungsweise k\u00f6nnen die bestimmten Kriterien seiner Benennung nach dem Unionsrecht oder dem Recht der Mitgliedstaaten vorgesehen werden.<\/p><p>\u00a0<\/p><p><strong>h) Auftragsverarbeiter<\/strong><\/p><p>Auftragsverarbeiter ist eine nat\u00fcrliche oder juristische Person, Beh\u00f6rde, Einrichtung oder andere Stelle, die personenbezogene Daten im Auftrag des Verantwortlichen verarbeitet<\/p><p>\u00a0<\/p><p><strong>i) Empf\u00e4nger<\/strong><\/p><p>Empf\u00e4nger ist eine nat\u00fcrliche oder juristische Person, Beh\u00f6rde, Einrichtung oder andere Stelle, der personenbezogene Daten offengelegt werden, unabh\u00e4ngig davon, ob es sich bei ihr um einen Dritten handelt oder nicht. Beh\u00f6rden, die im Rahmen eines bestimmten Untersuchungsauftrags nach dem Unionsrecht oder dem Recht der Mitgliedstaaten m\u00f6glicherweise personenbezogene Daten erhalten, gelten jedoch nicht als Empf\u00e4nger.<\/p><p>\u00a0<\/p><p><strong>j) Dritter<\/strong><\/p><p>Dritter ist eine nat\u00fcrliche oder juristische Person, Beh\u00f6rde, Einrichtung oder andere Stelle au\u00dfer der betroffenen Person, dem Verantwortlichen, dem Auftragsverarbeiter und den Personen, die unter der unmittelbaren Verantwortung des Verantwortlichen oder des Auftragsverarbeiters befugt sind, die personenbezogenen Daten zu verarbeiten.<\/p><p>\u00a0<\/p><p><strong>k) Einwilligung<\/strong><\/p><p>Einwilligung ist jede von der betroffenen Person freiwillig f\u00fcr den bestimmten Fall in informierter Weise und unmissverst\u00e4ndlich abgegebene Willensbekundung in Form einer Erkl\u00e4rung oder einer sonstigen eindeutigen best\u00e4tigenden Handlung, mit der die betroffene Person zu verstehen gibt, dass sie mit der Verarbeitung der sie betreffenden personenbezogenen Daten einverstanden ist.<\/p><p>\u00a0<\/p><p><strong>2. Information \u00fcber die Erhebung personenbezogener Daten<\/strong><\/p><p>(1) Im Folgenden informieren wir \u00fcber die Erhebung personenbezogener Daten bei Nutzung unserer Website. Personenbezogene Daten sind alle Daten, die auf Sie pers\u00f6nlich beziehbar sind, z. B. Name, Adresse, E-Mail-Adressen, Nutzerverhalten, etc.<\/p><p>(2) Verantwortlicher gem. Art. 4 Abs. 7 EU-Datenschutz-Grundverordnung (DSGVO) ist die:<\/p><p>\u00a0<\/p><p><strong>Ger\u00fcstbau Samiez GmbH <\/strong><\/p><p><strong>Barbarastra\u00dfe 12<\/strong><\/p><p><strong>30952 Ronnenberg<\/strong><\/p><p>\u00a0<\/p><p>(3) Unser Datenschutzbeauftragter ist:<\/p><p><strong>Herr Rechtsanwalt Sascha Weller, IDR \u2013 Institut f\u00fcr Datenschutzrecht<\/strong><\/p><p><strong>Ziegelbr\u00e4ustra\u00dfe 7<\/strong><\/p><p><strong>85049 Ingolstadt<\/strong><\/p><p><strong>Tel.: +49 (0)841 \u2013 885 167 15<\/strong><\/p><p><strong>E-Mail: ra-weller@idr-datenschutz.de <\/strong><\/p><p><strong>Web: <\/strong><a href=\"https:\/\/idr-datenschutz.de\" rel=\"nofollow noopener\" target=\"_blank\"><strong>https:\/\/idr-datenschutz.de<\/strong><\/a> <strong>(externer Datenschutzbeauftragter)<\/strong><\/p><p>\u00a0<\/p><p>(4) Bei Ihrer Kontaktaufnahme mit uns per E-Mail oder \u00fcber ein Kontaktformular werden die von Ihnen mitgeteilten Daten (Ihre E-Mail-Adresse, ggf. Ihr Name und Ihre Telefonnummer) von uns automatisch gespeichert, um Ihre Fragen zu beantworten. Solche auf freiwilliger Basis von einer betroffenen Person an den f\u00fcr die Verarbeitung Verantwortlichen \u00fcbermittelten personenbezogenen Daten werden ausschlie\u00dflich f\u00fcr Zwecke der Bearbeitung oder der Kontaktaufnahme zur betroffenen Person gespeichert. Die in diesem Zusammenhang anfallenden Daten l\u00f6schen wir, nachdem die Speicherung nicht mehr erforderlich ist, oder schr\u00e4nken die Verarbeitung ein, falls gesetzliche Aufbewahrungspflichten bestehen.<\/p><p>(5) Falls wir f\u00fcr einzelne Funktionen unseres Angebots auf beauftragte Dienstleister zur\u00fcckgreifen oder Ihre Daten f\u00fcr werbliche Zwecke nutzen m\u00f6chten, werden wir Sie untenstehend im Detail \u00fcber die jeweiligen Vorg\u00e4nge informieren. Dabei nennen wir auch die festgelegten Kriterien der Speicherdauer.<\/p><p>(6) Wir haben als f\u00fcr die Verarbeitung Verantwortlicher zahlreiche technische und organisatorische Ma\u00dfnahmen umgesetzt, um einen m\u00f6glichst l\u00fcckenlosen Schutz der \u00fcber diese Internetseite verarbeiteten personenbezogenen Daten sicherzustellen. Dennoch k\u00f6nnen internetbasierte Daten\u00fcbertragungen grunds\u00e4tzlich Sicherheitsl\u00fccken aufweisen, sodass ein absoluter Schutz nicht gew\u00e4hrleistet werden kann. Aus diesem Grund steht es jeder betroffenen Person frei, personenbezogene Daten auch auf alternativen Wegen, beispielsweise telefonisch, an uns zu \u00fcbermitteln.<\/p><p>(7) Als verantwortungsbewusstes Unternehmen verzichten wir auf eine automatische Entscheidungsfindung oder ein Profilinie<\/p><p>\u00a0<\/p><p><strong>3. Ihre Rechte<\/strong><\/p><p>(1) Sie haben gegen\u00fcber uns folgende Rechte hinsichtlich der Sie betreffenden personenbezogenen Daten:<\/p><p>\u00a0<\/p><p>\u2013 <strong>Recht auf Auskunft:<\/strong><\/p><p>Jede von der Verarbeitung personenbezogener Daten betroffene Person hat das von der DSGVO gew\u00e4hrte Recht, jederzeit von dem f\u00fcr die Verarbeitung Verantwortlichen unentgeltliche Auskunft \u00fcber die zu seiner Person gespeicherten personenbezogenen Daten und eine Kopie dieser Auskunft zu erhalten. Ferner hat der Europ\u00e4ische Richtlinien- und Verordnungsgeber der betroffenen Person Auskunft \u00fcber folgende Informationen zugestanden:<\/p><ol><li>die Verarbeitungszwecke<\/li><li>die Kategorien personenbezogener Daten, die verarbeitet werden<\/li><li>die Empf\u00e4nger oder Kategorien von Empf\u00e4ngern, gegen\u00fcber denen die personenbezogenen Daten offengelegt worden sind oder noch offengelegt werden, insbesondere bei Empf\u00e4ngern in Drittl\u00e4ndern oder bei internationalen Organisationen<\/li><li>falls m\u00f6glich die geplante Dauer, f\u00fcr die die personenbezogenen Daten gespeichert werden, oder, falls dies nicht m\u00f6glich ist, die Kriterien f\u00fcr die Festlegung dieser Dauer<\/li><li>das Bestehen eines Rechts auf Berichtigung oder L\u00f6schung der sie betreffenden personenbezogenen Daten oder auf Einschr\u00e4nkung der Verarbeitung durch den Verantwortlichen oder eines Widerspruchsrechts gegen diese Verarbeitung<\/li><li>das Bestehen eines Beschwerderechts bei einer Aufsichtsbeh\u00f6rde<\/li><li>wenn die personenbezogenen Daten nicht bei der betroffenen Person erhoben werden: Alle verf\u00fcgbaren Informationen \u00fcber die Herkunft der Daten<\/li><li>das Bestehen einer automatisierten Entscheidungsfindung einschlie\u00dflich Profiling gem\u00e4\u00df Artikel 22 Abs.1 und 4 DSGVO und \u2014 zumindest in diesen F\u00e4llen \u2014 aussagekr\u00e4ftige Informationen \u00fcber die involvierte Logik sowie die Tragweite und die angestrebten Auswirkungen einer derartigen Verarbeitung f\u00fcr die betroffene Person<\/li><\/ol><p>Zudem steht der betroffenen Person ein Auskunftsrecht dar\u00fcber zu, ob personenbezogene Daten an ein Drittland oder an eine internationale Organisation \u00fcbermittelt wurden. Sofern dies der Fall ist, so steht der betroffenen Person im \u00dcbrigen das Recht zu, Auskunft \u00fcber die geeigneten Garantien im Zusammenhang mit der \u00dcbermittlung zu erhalten.<\/p><p>M\u00f6chte eine betroffene Person dieses Auskunftsrecht in Anspruch nehmen, kann sie sich hierzu jederzeit an einen Mitarbeiter des f\u00fcr die Verarbeitung Verantwortlichen wenden.<\/p><p>\u00a0<\/p><p>\u2013 <strong>Recht auf Widerruf einer datenschutzrechtlichen Einwilligung:<\/strong><\/p><p>Jede von einer Verarbeitung personenbezogener Daten betroffene Person hat das Recht, eine Einwilligung zur Verarbeitung personenbezogener Daten jederzeit zu widerrufen.<\/p><p>M\u00f6chte eine betroffene Person dieses Recht auf Widerruf einer Einwilligung in Anspruch nehmen, kann sie sich hierzu jederzeit und auf jeglichem Kommunikationsweg an einen Mitarbeiter des f\u00fcr die Verarbeitung Verantwortlichen wenden.<\/p><p>\u00a0<\/p><p>\u2013 <strong>Recht auf Berichtigung:<\/strong><\/p><p>Die betroffene Person hat das Recht, von dem Verantwortlichen unverz\u00fcglich die Berichtigung sie betreffender unrichtiger personenbezogener Daten zu verlangen. Unter Ber\u00fccksichtigung der Zwecke der Verarbeitung hat die betroffene Person das Recht, die Vervollst\u00e4ndigung unvollst\u00e4ndiger personenbezogener Daten \u2013 auch mittels einer erg\u00e4nzenden Erkl\u00e4rung \u2013 zu verlangen.<\/p><p>M\u00f6chte eine betroffene Person dieses Auskunftsrecht in Anspruch nehmen, kann sie sich hierzu jederzeit an einen Mitarbeiter des f\u00fcr die Verarbeitung Verantwortlichen wenden.<\/p><p>\u00a0<\/p><p>\u2013 <strong>Recht auf L\u00f6schung \/ Recht auf Vergessenwerden:<\/strong><\/p><p>Die betroffene Person hat das Recht, von dem Verantwortlichen zu verlangen, dass sie betreffende personenbezogene Daten unverz\u00fcglich gel\u00f6scht werden, und der Verantwortliche ist verpflichtet, personenbezogene Daten unverz\u00fcglich zu l\u00f6schen, sofern einer der folgenden Gr\u00fcnde zutrifft:<\/p><ol><li>die personenbezogenen Daten sind f\u00fcr die Zwecke, f\u00fcr die sie erhoben oder auf sonstige Weise verarbeitet wurden, nicht mehr notwendig.<\/li><li>die betroffene Person widerruft ihre Einwilligung, auf die sich die Verarbeitung gem\u00e4\u00df Artikel 6 Absatz 1 Buchstabe a oder Artikel 9 Absatz 2 Buchstabe a st\u00fctzte, und es fehlt an einer anderweitigen Rechtsgrundlage f\u00fcr die Verarbeitung.<\/li><li>die betroffene Person legt gem\u00e4\u00df Artikel 21 Absatz 1 Widerspruch gegen die Verarbeitung ein und es liegen keine vorrangigen berechtigten Gr\u00fcnde f\u00fcr die Verarbeitung vor, oder die betroffene Person legt gem\u00e4\u00df Artikel 21 Absatz 2 Widerspruch gegen die Verarbeitung ein.<\/li><li>die personenbezogenen Daten wurden unrechtm\u00e4\u00dfig verarbeitet.<\/li><li>die L\u00f6schung der personenbezogenen Daten ist zur Erf\u00fcllung einer rechtlichen Verpflichtung nach dem Unionsrecht oder dem Recht der Mitgliedstaaten erforderlich, dem der Verantwortliche unterliegt.<\/li><li>die personenbezogenen Daten wurden in Bezug auf angebotene Dienste der Informationsgesellschaft gem\u00e4\u00df Artikel 8 Absatz 1 erhoben.<\/li><\/ol><p>M\u00f6chte eine betroffene Person dieses Recht auf L\u00f6schung \/ Recht auf Vergessenwerden in Anspruch nehmen, kann sie sich hierzu jederzeit an einen Mitarbeiter des f\u00fcr die Verarbeitung Verantwortlichen wenden.<\/p><p>Haben wir die personenbezogenen Daten \u00f6ffentlich gemacht und sind wir gem\u00e4\u00df Art. 17 Absatz 1 DSGVO zu deren L\u00f6schung verpflichtet, so treffen wir unter Ber\u00fccksichtigung der verf\u00fcgbaren Technologie und der Implementierungskosten angemessene Ma\u00dfnahmen, auch technischer Art, um f\u00fcr die Datenverarbeitung Verantwortliche, die die personenbezogenen Daten verarbeiten, dar\u00fcber zu informieren, dass eine betroffene Person von ihnen die L\u00f6schung aller Links zu diesen personenbezogenen Daten oder von Kopien oder Replikationen dieser personenbezogenen Daten verlangt hat. Unsere Mitarbeiter werden die notwendigen Ma\u00dfnahmen veranlassen.<\/p><p>\u00a0<\/p><p>\u2013 <strong>Recht auf Einschr\u00e4nkung der Verarbeitung:<\/strong><\/p><p>\u00a0\u00a0\u00a0\u00a0\u00a0 Die betroffene Person hat das Recht, von dem Verantwortlichen die Einschr\u00e4nkung der Verarbeitung zu verlangen, wenn eine der folgenden Voraussetzungen gegeben ist:<\/p><ol><li>die Richtigkeit der personenbezogenen Daten von der betroffenen Person bestritten wird, und zwar f\u00fcr eine Dauer, die es dem Verantwortlichen erm\u00f6glicht, die Richtigkeit der personenbezogenen Daten zu \u00fcberpr\u00fcfen,<\/li><li>die Verarbeitung unrechtm\u00e4\u00dfig ist und die betroffene Person die L\u00f6schung der personenbezogenen Daten ablehnt und stattdessen die Einschr\u00e4nkung der Nutzung der personenbezogenen Daten verlangt;<\/li><li>der Verantwortliche die personenbezogenen Daten f\u00fcr die Zwecke der Verarbeitung nicht l\u00e4nger ben\u00f6tigt, die betroffene Person sie jedoch zur Geltendmachung, Aus\u00fcbung oder Verteidigung von Rechtsanspr\u00fcchen ben\u00f6tigt, oder<\/li><li>die betroffene Person Widerspruch gegen die Verarbeitung gem\u00e4\u00df Artikel 21 Absatz 1 eingelegt hat, solange noch nicht feststeht, ob die berechtigten Gr\u00fcnde des Verantwortlichen gegen\u00fcber denen der betroffenen Person \u00fcberwiegen.<\/li><\/ol><p>M\u00f6chte eine betroffene Person dieses Recht auf Einschr\u00e4nkung der Verarbeitung in Anspruch nehmen, kann sie sich hierzu jederzeit an einen Mitarbeiter des f\u00fcr die Verarbeitung Verantwortlichen wenden.<\/p><p>\u00a0<\/p><p>\u2013<strong> Recht auf Widerspruch gegen die Verarbeitung:<\/strong><\/p><p>Jede von der Verarbeitung personenbezogener Daten betroffene Person hat das von der DSGVO gew\u00e4hrte Recht, aus Gr\u00fcnden, die sich aus ihrer besonderen Situation ergeben, jederzeit gegen die Verarbeitung sie betreffender personenbezogener Daten, die aufgrund von Art. 6 Abs. 1 Buchstaben e oder f DSGVO erfolgt, Widerspruch einzulegen. Dies gilt auch f\u00fcr ein auf diese Bestimmungen gest\u00fctztes Profiling.<\/p><p>Wir verarbeiten die personenbezogenen Daten im Falle des Widerspruchs nicht mehr, es sei denn, wir k\u00f6nnen zwingende schutzw\u00fcrdige Gr\u00fcnde f\u00fcr die Verarbeitung nachweisen, die den Interessen, Rechten und Freiheiten der betroffenen Person \u00fcberwiegen, oder die Verarbeitung dient der Geltendmachung, Aus\u00fcbung oder Verteidigung von Rechtsanspr\u00fcchen.<\/p><p>Verarbeiten wir personenbezogene Daten, um Direktwerbung zu betreiben, so hat die betroffene Person das Recht, jederzeit Widerspruch gegen die Verarbeitung der personenbezogenen Daten zum Zwecke derartiger Werbung einzulegen. Dies gilt auch f\u00fcr das Profiling, soweit es mit solcher Direktwerbung in Verbindung steht. Widerspricht die betroffene Person uns gegen\u00fcber der Verarbeitung f\u00fcr Zwecke der Direktwerbung, so werden wir die personenbezogenen Daten nicht mehr f\u00fcr diese Zwecke verarbeiten.<\/p><p>Zudem hat die betroffene Person das Recht, aus Gr\u00fcnden, die sich aus ihrer besonderen Situation ergeben, gegen die sie betreffende Verarbeitung personenbezogener Daten, die bei uns zu wissenschaftlichen oder historischen Forschungszwecken oder zu statistischen Zwecken gem\u00e4\u00df Art. 89 Abs. 1 DSGVO erfolgen, Widerspruch einzulegen, es sei denn, eine solche Verarbeitung ist zur Erf\u00fcllung einer im \u00f6ffentlichen Interesse liegenden Aufgabe erforderlich.<\/p><p>Zur Aus\u00fcbung des Rechts auf Widerspruch kann sich die betroffene Person direkt an jeden Mitarbeiter wenden. Der betroffenen Person steht es ferner frei, im Zusammenhang mit der Nutzung von Diensten der Informationsgesellschaft, ungeachtet der Richtlinie 2002\/58\/EG, ihr Widerspruchsrecht mittels automatisierter Verfahren auszu\u00fcben, bei denen technische Spezifikationen verwendet werden.<\/p><p>\u00a0<\/p><p>\u2013 <strong>Recht auf Daten\u00fcbertragbarkeit:<\/strong><\/p><p>Die betroffene Person hat das Recht, die sie betreffenden personenbezogenen Daten, die sie einem Verantwortlichen bereitgestellt hat, in einem strukturierten, g\u00e4ngigen und maschinenlesbaren Format zu erhalten, und sie hat das Recht, diese Daten einem anderen Verantwortlichen ohne Behinderung durch den Verantwortlichen, dem die personenbezogenen Daten bereitgestellt wurden, zu \u00fcbermitteln, sofern<\/p><ol><li>die Verarbeitung auf einer Einwilligung gem\u00e4\u00df Artikel 6 Absatz 1 Buchstabe a oder Artikel 9 Absatz 2 Buchstabe a oder auf einem Vertrag gem\u00e4\u00df Artikel 6 Absatz 1 Buchstabe b beruht und<\/li><li>die Verarbeitung mithilfe automatisierter Verfahren erfolgt.<\/li><\/ol><p>Bei der Aus\u00fcbung ihres Rechts auf Daten\u00fcbertragbarkeit gem\u00e4\u00df Art. 20 Abs. 1 DSGVO hat die betroffene Person das Recht, zu erwirken, dass die personenbezogenen Daten direkt von einem Verantwortlichen einem anderen Verantwortlichen \u00fcbermittelt werden, soweit dies technisch machbar ist und die Rechte und Freiheiten anderer Personen nicht beeintr\u00e4chtigt werden.<\/p><p>M\u00f6chte eine betroffene Person dieses Recht auf Daten\u00fcbertragbarkeit in Anspruch nehmen, kann sie sich hierzu jederzeit an einen Mitarbeiter des f\u00fcr die Verarbeitung Verantwortlichen wenden.<\/p><p>\u00a0<\/p><p>\u2013 <strong>Automatisierte Entscheidung im Einzelfall inklusive Profiling<\/strong><\/p><p>Jede von der Verarbeitung personenbezogener Daten betroffene Person hat das von der DSGVO gew\u00e4hrte Recht, nicht einer ausschlie\u00dflich auf einer automatisierten Verarbeitung \u2014 einschlie\u00dflich Profiling \u2014 beruhenden Entscheidung unterworfen zu werden, die ihr gegen\u00fcber rechtliche Wirkung entfaltet oder sie in \u00e4hnlicher Weise erheblich beeintr\u00e4chtigt, sofern die Entscheidung<\/p><p>(1) nicht f\u00fcr den Abschluss oder die Erf\u00fcllung eines Vertrags zwischen der betroffenen Person und dem Verantwortlichen erforderlich ist, oder<\/p><p>(2) aufgrund von Rechtsvorschriften der Union oder der Mitgliedstaaten, denen der Verantwortliche unterliegt, zul\u00e4ssig ist und diese Rechtsvorschriften angemessene Ma\u00dfnahmen zur Wahrung der Rechte und Freiheiten sowie der berechtigten Interessen der\u00a0 \u00a0 \u00a0 \u00a0 betroffenen Person enthalten oder<\/p><p>(3) mit ausdr\u00fccklicher Einwilligung der betroffenen Person erfolgt.<\/p><p>Ist die Entscheidung f\u00fcr den Abschluss oder die Erf\u00fcllung eines Vertrags zwischen der betroffenen Person und dem Verantwortlichen erforderlich oder erfolgt sie mit ausdr\u00fccklicher Einwilligung der betroffenen Person, treffen wir angemessene Ma\u00dfnahmen, um die Rechte und Freiheiten sowie die berechtigten Interessen der betroffenen Person zu wahren, wozu mindestens das Recht auf Erwirkung des Eingreifens einer Person seitens des Verantwortlichen, auf Darlegung des eigenen Standpunkts und auf Anfechtung der Entscheidung geh\u00f6rt.<\/p><p>M\u00f6chte die betroffene Person Rechte mit Bezug auf automatisierte Entscheidungen geltend machen, kann sie sich hierzu jederzeit an einen Mitarbeiter des f\u00fcr die Verarbeitung Verantwortlichen wenden.<\/p><p>(2) Sie haben zudem das Recht, sich bei einer Datenschutz-Aufsichtsbeh\u00f6rde \u00fcber die Verarbeitung Ihrer personenbezogenen Daten durch uns zu beschweren. Die f\u00fcr unser Unternehmen zust\u00e4ndige Aufsichtsbeh\u00f6rde lautet wie folgt:<\/p><p>\u00a0<\/p><p><strong>Der Landesbeauftragte f\u00fcr den Datenschutz Niedersachsen<\/strong><\/p><p><strong>Prinzenstra\u00dfe 5<\/strong><\/p><p><strong>30159 Hannover<\/strong><\/p><p><strong>Telefon: +49 (0511) 120 45 00<\/strong><\/p><p><strong>E-Mail: <\/strong><a href=\"mailto:poststelle@lfd.niedersachsen.de\"><strong>poststelle@lfd.niedersachsen.de<\/strong><\/a><\/p><p>\u00a0<\/p><p><strong>Erhebung personenbezogener Daten bei Besuch unserer Website \/ Cookies<\/strong><\/p><p>(1) Bei der blo\u00df informatorischen Nutzung unserer Website, also wenn Sie sich nicht registrieren oder uns anderweitig Informationen \u00fcbermitteln, erheben wir nur die personenbezogenen Daten, die Ihr Browser an unseren Server \u00fcbermittelt. Wenn Sie unsere Website betrachten m\u00f6chten, erheben wir die folgenden Daten, die f\u00fcr uns technisch erforderlich sind, um Ihnen unsere Website anzuzeigen und die Stabilit\u00e4t und Sicherheit zu gew\u00e4hrleisten (Rechtsgrundlage ist Art.\u00a06 Abs.\u00a01 S.\u00a01 lit. f DSGVO):<\/p><p>\u2013\u00a0\u00a0\u00a0 IP-Adresse<\/p><p>\u2013\u00a0\u00a0\u00a0 Datum und Uhrzeit der Anfrage<\/p><p>\u2013\u00a0\u00a0\u00a0 Zeitzonendifferenz zur Greenwich Mean Time (GMT)<\/p><p>\u2013\u00a0\u00a0\u00a0 Internet-Service-Provider des zugreifenden Systems<\/p><p>\u2013\u00a0\u00a0\u00a0 Inhalt der Anforderung (konkrete Seite)<\/p><p>\u2013\u00a0\u00a0\u00a0 Zugriffsstatus\/HTTP-Statuscode<\/p><p>\u2013\u00a0\u00a0\u00a0 jeweils \u00fcbertragene Datenmenge<\/p><p>\u2013\u00a0\u00a0\u00a0 Website, von der die Anforderung kommt (Referrer)<\/p><p>\u2013\u00a0\u00a0\u00a0 Browser<\/p><p>\u2013\u00a0\u00a0\u00a0 Betriebssystem und dessen Oberfl\u00e4che<\/p><p>\u2013\u00a0\u00a0\u00a0 Sprache und Version der Browsersoftware.<\/p><p>(2) Zus\u00e4tzlich zu den zuvor genannten Daten werden bei Ihrer Nutzung unserer Website Cookies auf Ihrem Rechner gespeichert. Bei Cookies handelt es sich um kleine Textdateien, die auf Ihrer Festplatte dem von Ihnen verwendeten Browser zugeordnet gespeichert werden und durch welche der Stelle, die den Cookie setzt (hier durch uns), bestimmte Informationen zuflie\u00dfen. Cookies k\u00f6nnen keine Programme ausf\u00fchren oder Viren auf Ihren Computer \u00fcbertragen. Sie dienen dazu, das Internetangebot insgesamt nutzerfreundlicher und effektiver zu machen.<\/p><p>\u00a0<\/p><p>(3) Einsatz von Cookies:<\/p><ol><li>Grunds\u00e4tzlich werden die nachfolgenden Cookie-Typen\/Funktionen unterschieden:<\/li><li>a) Transiente Cookies werden automatisiert gel\u00f6scht, wenn Sie den Browser schlie\u00dfen. Dazu z\u00e4hlen insbesondere die Session-Cookies. Diese speichern eine sogenannte Session-ID, mit welcher sich verschiedene Anfragen Ihres Browsers der gemeinsamen Sitzung zuordnen lassen. Dadurch kann Ihr Rechner wiedererkannt werden, wenn Sie auf unsere Website zur\u00fcckkehren. Die Session-Cookies werden gel\u00f6scht, wenn Sie sich ausloggen oder den Browser schlie\u00dfen.<\/li><li>b) Persistente Cookies werden automatisiert nach einer vorgegebenen Dauer gel\u00f6scht, die sich je nach Cookie unterscheiden kann. Sie k\u00f6nnen die Cookies in den Sicherheitseinstellungen Ihres Browsers jederzeit l\u00f6schen.<\/li><li>c) Notwendige Cookies sind solche, die f\u00fcr den Betrieb einer Homepage unbedingt erforderlich sind.<\/li><li>d) Statistik-, Marketing- oder Personalisierungscookies werden unter anderem im Rahmen einer Reichweitenmessung eingesetzt sowie beispielsweise auch dann, wenn die Interessen eines Nutzers oder sein Verhalten in einem Nutzerprofil gespeichert werden soll. Dieses Verfahren wird auch als \u201eTracking\u201c bezeichnet. Soweit wir Cookies oder \u201eTracking\u201c-Dienste einsetzen, informieren wir Sie gesondert in unserer Datenschutzerkl\u00e4rung oder im Rahmen der Einholung einer Einwilligung.<\/li><li>e) Sie k\u00f6nnen Ihre Browser-Einstellung entsprechend Ihren W\u00fcnschen konfigurieren und z. B. die Annahme von Third-Party-Cookies oder allen Cookies ablehnen. Wir weisen Sie darauf hin, dass Sie eventuell nicht alle Funktionen dieser Website nutzen k\u00f6nnen.<\/li><li>f) Wir setzen Cookies ein, um Sie f\u00fcr Folgebesuche identifizieren zu k\u00f6nnen, falls Sie \u00fcber einen Account bei uns verf\u00fcgen. Andernfalls m\u00fcssten Sie sich f\u00fcr jeden Besuch erneut einloggen.<\/li><li>g) Die genutzten Flash-Cookies werden nicht durch Ihren Browser erfasst, sondern durch Ihr Flash-Plug-in. Weiterhin nutzen wir HTML5 storage objects, die auf Ihrem Endger\u00e4t abgelegt werden. Diese Objekte speichern die erforderlichen Daten unabh\u00e4ngig von Ihrem verwendeten Browser und haben kein automatisches Ablaufdatum. Wenn Sie keine Verarbeitung der Flash-Cookies w\u00fcnschen, m\u00fcssen Sie ein entsprechendes Add-On installieren, z. B. \u201eBetter Privacy\u201c f\u00fcr Mozilla Firefox (https:\/\/addons.mozilla.org\/de\/firefox\/addon\/betterprivacy\/) oder das Adobe-Flash-Killer-Cookie f\u00fcr Google Chrome. Die Nutzung von HTML5 storage objects k\u00f6nnen Sie verhindern, indem Sie in Ihrem Browser den privaten Modus einsetzen. Zudem empfehlen wir, regelm\u00e4\u00dfig Ihre Cookies und den Browser-Verlauf manuell zu l\u00f6schen.<\/li><li>Grunds\u00e4tzlich werden die mithilfe von Cookies verarbeiteten Daten auf Grundlage unserer berechtigten Interessen (Art. 6 Abs. 1 lit f)) verarbeitet oder, sofern der Einsatz von Cookies erforderlich ist, um unsere vertraglichen Verpflichtungen (Art. 6 Abs. 1 lit. b)) zu erf\u00fcllen. Wenn wir Sie um eine Einwilligung bitten, stellt die Rechtsgrundlage der Verarbeitung der Daten die erkl\u00e4rte Einwilligung (Art. 6 Abs. 1 lit a)) dar.<\/li><li>Sie haben nat\u00fcrlich jederzeit die M\u00f6glichkeit, eine erteilte Einwilligung zu widerrufen oder der Verarbeitung Ihrer Daten durch Cookie-Technologien zu widersprechen (\u201eOpt-Out\u201c). Ihr Widerspruch kann zun\u00e4chst mithilfe der Einstellungen Ihres Browsers erkl\u00e4rt werden. Ein Widerspruch gegen den Einsatz von Cookies zu Zwecken des Onlinemarketings kann auch mittels einer Vielzahl von Diensten, vor allem im Fall des Trackings, \u00fcber die US-amerikanische Seite\u00a0<a href=\"https:\/\/help.disqus.com\/terms-and-policies\/disqus-privacy-policy\" rel=\"nofollow noopener\" target=\"_blank\">http:\/\/www.aboutads.info\/choices\/<\/a>oder die EU-Seite\u00a0<a href=\"https:\/\/adssettings.google.com\/authenticated\" rel=\"nofollow noopener\" target=\"_blank\">http:\/\/www.youronlinechoices.com\/<\/a>oder generell auf\u00a0<a href=\"https:\/\/www.hotjar.com\/privacy\" rel=\"nofollow noopener\" target=\"_blank\">http:\/\/optout.aboutads.info<\/a> erkl\u00e4rt werden.<\/li><\/ol><p>\u00a0<\/p><p><strong>Weiter Funktionen und Angebote unserer Webseite<\/strong><\/p><p>(1) Neben der rein informatorischen Nutzung unserer Website bieten wir verschiedene Leistungen an, die Sie bei Interesse nutzen k\u00f6nnen. Dazu m\u00fcssen Sie in der Regel weitere personenbezogene Daten angeben, die wir zur Erbringung der jeweiligen Leistung nutzen und f\u00fcr die die zuvor genannten Grunds\u00e4tze zur Datenverarbeitung gelten.<\/p><p>(2) Teilweise bedienen wir uns zur Verarbeitung Ihrer Daten externer Dienstleister. Diese wurden von uns sorgf\u00e4ltig ausgew\u00e4hlt und beauftragt, sind an unsere Weisungen gebunden und werden regelm\u00e4\u00dfig kontrolliert.<\/p><p>(3) Die von uns in Anspruch genommenen Hosting-Leistungen dienen der Zurverf\u00fcgungstellung der folgenden Leistungen: Infrastruktur- und Plattformdienstleistungen, Rechenkapazit\u00e4t, Speicherplatz und Datenbankdienste, Sicherheitsleistungen sowie technische Wartungsleistungen, die wir zum Zwecke des Betriebs dieses Onlineangebotes einsetzen.\u00a0<\/p><p>Hierbei verarbeiten wir, bzw. unser Hostinganbieter Bestandsdaten, Kontaktdaten, Inhaltsdaten, Vertragsdaten, Nutzungsdaten, Meta- und Kommunikationsdaten von Kunden, Interessenten und Besuchern dieses Onlineangebotes auf Grundlage unserer berechtigten Interessen an einer effizienten und sicheren Zurverf\u00fcgungstellung dieses Onlineangebotes gem. Art. 6 Abs. 1 lit. f DSGVO i.V.m. Art. 28 DSGVO.<\/p><p>(4) Weiterhin k\u00f6nnen wir Ihre personenbezogenen Daten an Dritte weitergeben, wenn Aktionsteilnahmen, Gewinnspiele, Vertragsabschl\u00fcsse oder \u00e4hnliche Leistungen von uns gemeinsam mit Partnern angeboten werden. N\u00e4here Informationen hierzu erhalten Sie bei Angabe Ihrer personenbezogenen Daten oder untenstehend in der Beschreibung des Angebotes.<\/p><p>(5) Soweit unsere Dienstleister oder Partner ihren Sitz in einem Staat au\u00dferhalb des Europ\u00e4ischen Wirtschaftsraum (EWR) haben, informieren wir Sie \u00fcber die Folgen dieses Umstands in der Beschreibung des Angebotes.<\/p><p>Trans-Atlantic Data Privacy Framework (TADPF): Im Rahmen des sogenannten \u201eTrans-Atlantic Data Privacy Framework\u201d (TADPF) hat die EU-Kommission das Datenschutzniveau ebenfalls f\u00fcr bestimmte Unternehmen aus den USA anerkannt. Die Liste der zertifizierten Unternehmen als auch weitere Informationen k\u00f6nnen Sie der Webseite des Handelsministeriums der USA unter\u00a0<a href=\"https:\/\/www.google.de\/intl\/de\/policies\/technologies\/ads\" rel=\"nofollow noopener\" target=\"_blank\">https:\/\/www.dataprivacyframework.gov\/<\/a> entnehmen. Informationen in deutscher und in anderen Sprachen finden Sie auf der Webseite der EU-Kommission:\u00a0<a href=\"https:\/\/commission.europa.eu\/law\/law-topic\/data-protection\/international-dimension-data-protection\/eu-us-data-transfers_de\" rel=\"nofollow noopener\" target=\"_blank\">https:\/\/commission.europa.eu\/law\/law-topic\/data-protection\/international-dimension-data-protection\/eu-us-data-transfers_de<\/a>.\u00a0Wir informieren Sie ferner \u00fcber die von uns eingesetzten Unternehmen, die unter dem Trans-Atlantic Data Privacy Framework zertifiziert sind.<\/p><p>\u00a0<\/p><p><strong>6. <\/strong><strong>Datenschutz bei Bewerbungen<\/strong><\/p><p>Der f\u00fcr die Verarbeitung Verantwortliche erhebt und verarbeitet die personenbezogenen Daten von Bewerbern zum Zwecke der Abwicklung des Bewerbungsverfahrens. Die Verarbeitung kann auch auf elektronischem Wege erfolgen. Dies ist insbesondere dann der Fall, wenn ein Bewerber entsprechende Bewerbungsunterlagen auf dem elektronischen Wege, beispielsweise per E-Mail oder \u00fcber ein auf der Internetseite befindliches Kontaktformular, an den f\u00fcr die Verarbeitung Verantwortlichen \u00fcbermittelt. Schlie\u00dft der f\u00fcr die Verarbeitung Verantwortliche einen Arbeitsvertrag mit einem Bewerber, werden die \u00fcbermittelten Daten zum Zwecke der Abwicklung des Arbeitsvertrags unter Beachtung der gesetzlichen Vorschriften gespeichert. Wird von dem f\u00fcr die Verarbeitung Verantwortlichen kein Arbeitsvertrag mit dem Bewerber geschlossen, so werden die Bewerbungsunterlagen automatisch gel\u00f6scht, sofern einer L\u00f6schung keine sonstigen berechtigten Interessen des f\u00fcr die Verarbeitung Verantwortlichen entgegenstehen. Sonstiges berechtigtes Interesse in diesem Sinne ist beispielsweise eine Beweispflicht in einem Verfahren nach dem Allgemeinen Gleichbehandlungsgesetz (AGG).<\/p><p>Die Verarbeitung der Bewerberdaten erfolgt zur Erf\u00fcllung unserer (vor)vertraglichen Verpflichtungen im Rahmen des Bewerbungsverfahrens im Sinne des Art. 6 Abs. 1 lit. b. DSGVO Art. 6 Abs. 1 lit. f. DSGVO sofern die Datenverarbeitung z.B. im Rahmen von rechtlichen Verfahren f\u00fcr uns erforderlich wird (in Deutschland gilt zus\u00e4tzlich \u00a7 26 BDSG).<\/p><p>\u00a0<\/p><p><strong>7. Widerspruch oder Widerruf gegen die Verarbeitung Ihrer Daten<\/strong><\/p><p>(1) Falls Sie eine Einwilligung zur Verarbeitung Ihrer Daten erteilt haben, k\u00f6nnen Sie diese jederzeit und auf jeglichem Kommunikationsweg widerrufen. Ein solcher Widerruf beeinflusst die Zul\u00e4ssigkeit der Verarbeitung Ihrer personenbezogenen Daten, nachdem Sie ihn gegen\u00fcber uns ausgesprochen haben.<\/p><p>(2) Soweit wir die Verarbeitung Ihrer personenbezogenen Daten auf die Interessenabw\u00e4gung st\u00fctzen, k\u00f6nnen Sie Widerspruch gegen die Verarbeitung einlegen. Dies ist der Fall, wenn die Verarbeitung insbesondere nicht zur Erf\u00fcllung eines Vertrags mit Ihnen erforderlich ist, was von uns jeweils bei der nachfolgenden Beschreibung der Funktionen dargestellt wird. Bei Aus\u00fcbung eines solchen Widerspruchs bitten wir um Darlegung der Gr\u00fcnde, weshalb wir Ihre personenbezogenen Daten nicht wie von uns durchgef\u00fchrt verarbeiten sollten. Im Falle Ihres begr\u00fcndeten Widerspruchs pr\u00fcfen wir die Sachlage und werden entweder die Datenverarbeitung einstellen bzw. anpassen oder Ihnen unsere zwingenden schutzw\u00fcrdigen Gr\u00fcnde aufzeigen, aufgrund derer wir die Verarbeitung fortf\u00fchren.<\/p><p>(3) Selbstverst\u00e4ndlich k\u00f6nnen Sie der Verarbeitung Ihrer personenbezogenen Daten f\u00fcr Zwecke der Werbung und Datenanalyse jederzeit widersprechen. \u00dcber Ihren Werbewiderspruch k\u00f6nnen Sie uns unter der unter Ziffer 2. (2) angegebenen Adresse kontaktieren.<\/p><p>\u00a0<\/p><p><strong>8. Gesetzliche oder vertragliche Vorschriften zur Bereitstellung der personenbezogenen Daten\/ Erforderlichkeit f\u00fcr einen Vertragsschluss\/Folgen bei Nichtbereitstellung\/L\u00f6schung<\/strong><\/p><p>(1) Wir m\u00f6chten Sie dar\u00fcber in Kenntnis setzen, dass die Bereitstellung personenbezogener Daten teilweise gesetzlich vorgeschrieben ist. Es kann jedoch auch m\u00f6glich sein, dass eine betroffene Person uns personenbezogene Daten bereitstellen muss, damit ein Vertrag durchgef\u00fchrt werden kann. Eine Nichtbereitstellung h\u00e4tte zur Folge, dass der Vertrag nicht geschlossen werden k\u00f6nnte. Gerne stehen unsere Mitarbeiter bei einzelfallbezogenen Fragen zur Verf\u00fcgung.\u00a0\u00a0<\/p><p>(2) Die von uns verarbeiteten Daten werden nach Ma\u00dfgabe der Art. 17 und 18 DSGVO gel\u00f6scht oder in ihrer Verarbeitung eingeschr\u00e4nkt. Sofern nicht im Rahmen dieser Datenschutzerkl\u00e4rung ausdr\u00fccklich angegeben, werden die bei uns gespeicherten Daten gel\u00f6scht, sobald sie f\u00fcr ihre Zweckbestimmung nicht mehr erforderlich sind und der L\u00f6schung keine gesetzlichen Aufbewahrungspflichten entgegenstehen. Sofern die Daten nicht gel\u00f6scht werden, weil sie f\u00fcr andere und gesetzlich zul\u00e4ssige Zwecke erforderlich sind, wird deren Verarbeitung eingeschr\u00e4nkt. D.h. die Daten werden gesperrt und nicht f\u00fcr andere Zwecke verarbeitet. Das gilt z.B. f\u00fcr Daten, die aus handels- oder steuerrechtlichen Gr\u00fcnden aufbewahrt werden m\u00fcssen.<\/p><p>Nach gesetzlichen Vorgaben erfolgt die Aufbewahrung insbesondere f\u00fcr 10 Jahre gem\u00e4\u00df \u00a7\u00a7 147 Abs. 1 AO, 257 Abs. 1 Nr. 1 und 4, Abs. 4 HGB (B\u00fccher, Aufzeichnungen, Lageberichte, Buchungsbelege, Handelsb\u00fccher, f\u00fcr Besteuerung relevanter Unterlagen, etc.) und 6 Jahre gem\u00e4\u00df \u00a7 257 Abs. 1 Nr. 2 und 3, Abs. 4 HGB (Handelsbriefe).<\/p><p>\u00a0<\/p><p><strong>9. Web Analytics<\/strong><\/p><p>1.Einsatz von Google Analytics 4<\/p><p>(1) Diese Website benutzt Google Analytics, einen Webanalysedienst der Google Ireland Ltd., Gordon House, Barrow Street, Dublin 4, Irland (\u201eGoogle\u201c). Google Analytics wird von uns dazu verwendet, um die Nutzung unserer Website zu messen und zu analysieren. Dies erfolgt ausschlie\u00dflich auf Basis einer pseudonymen Nutzeridentifikationsnummer, die lediglich dazu dient, Analyseinformationen einem Endger\u00e4t zuzuordnen. Hierdurch kann beispielsweise beurteilt werden, welche Inhalte aufgerufen wurden. Dar\u00fcber hinaus werden folgende Daten verarbeitet:<\/p><p>\u00a0\u00a0\u00a0\u00a0\u00a0\u00a0\u00a0\u00a0\u00a0\u00a0\u00a0\u00a0\u00a0\u00a0\u00a0\u00a0\u00a0\u00a0\u00a0\u00a0\u00a0\u00a0\u00a0\u00a0 &#8211; Zeitpunkt der Nutzung<\/p><p>\u00a0\u00a0\u00a0\u00a0\u00a0\u00a0\u00a0\u00a0\u00a0\u00a0\u00a0\u00a0\u00a0\u00a0\u00a0\u00a0\u00a0\u00a0\u00a0\u00a0\u00a0\u00a0\u00a0\u00a0 &#8211; Dauer der Nutzung<\/p><p>\u00a0\u00a0\u00a0\u00a0\u00a0\u00a0\u00a0\u00a0\u00a0\u00a0\u00a0\u00a0\u00a0\u00a0\u00a0\u00a0\u00a0\u00a0\u00a0\u00a0\u00a0\u00a0\u00a0\u00a0 &#8211; technische Details hinsichtlich des Endger\u00e4ts und Browsers<\/p><p>\u00a0\u00a0\u00a0\u00a0\u00a0\u00a0\u00a0\u00a0\u00a0\u00a0\u00a0\u00a0\u00a0\u00a0\u00a0\u00a0\u00a0\u00a0\u00a0\u00a0\u00a0\u00a0\u00a0\u00a0 Eine direkte Personenbeziehbarkeit ist nicht m\u00f6glich.<\/p><p>Zudem erm\u00f6glicht eine spezielle Funktion (demografische Merkmale) die Erstellung von Statistiken mit Bezug zum Alter, Geschlecht und den Interessen der Nutzer. Hierdurch ist uns die zielgruppenorientierte Ausrichtung von Marketingma\u00dfnahmen m\u00f6glich. Die erfassten Daten sind jedoch nicht personenbeziehbar und werden nach zwei Monaten gel\u00f6scht.<\/p><p>(2) Google Analytics 4 setzt teilweise auch Cookies ein. Dies sind Textdateien, die auf Ihrem Endger\u00e4t gespeichert werden und die eine Analyse der Benutzung der Website erm\u00f6glichen. Die durch den Cookie erzeugten Informationen \u00fcber Ihre Benutzung dieser Website k\u00f6nnen auch an einen Server von Google in den USA \u00fcbertragen und dort gespeichert werden. Es werden jedoch bei Nutzern aus der EU keine individuellen IP-Adressen verarbeitet. Nichtsdestotrotz werden grobe geografische Standortdaten verarbeitet.<\/p><p>(3) Wir nutzen Google Analytics, um die Nutzung unserer Website analysieren und regelm\u00e4\u00dfig verbessern zu k\u00f6nnen. \u00dcber die gewonnenen Statistiken k\u00f6nnen wir unser Angebot verbessern und f\u00fcr Sie als Nutzer interessanter ausgestalten. F\u00fcr die Ausnahmef\u00e4lle, in denen personenbezogene Daten in die USA \u00fcbertragen werden, hat sich Google dem Trans-Atlantic Data Privacy Framework unterworfen. Rechtsgrundlage f\u00fcr die Nutzung von Google Analytics ist Ihre Einwilligung gem\u00e4\u00df Art.\u00a06 Abs.\u00a01 S.\u00a01 lit. a DSGVO.<\/p><p>(4) Informationen des Drittanbieters: Nutzerbedingungen: https:\/\/www.google.com\/analytics\/terms\/de.html, \u00dcbersicht zum Datenschutz: https:\/\/www.google.com\/intl\/de\/analytics\/learn\/privacy.html, sowie die Datenschutzerkl\u00e4rung: https:\/\/www.google.de\/intl\/de\/policies\/privacy.<\/p><p>(5) Sie k\u00f6nnen einen Widerspruch (Opt-Out) \u00fcber das Plugin unter nachfolgendem Link durchf\u00fchren: <a href=\"https:\/\/tools.google.com\/dlpage\/gaoptout?hl=de\" rel=\"nofollow noopener\" target=\"_blank\">https:\/\/tools.google.com\/dlpage\/gaoptout?hl=de<\/a><\/p><p>(6) Selbstverst\u00e4ndlich haben wir mit Google einen Vertrag zur Auftragsverarbeitung abgeschlossen.<\/p><p>\u00a0<\/p><p><strong>2.WP Statistics<\/strong><\/p><p>(1) Diese Website nutzt das Analysetool WP Statistics, um Besucherzugriffe statistisch auszuwerten. Anbieter ist Veronalabs, Tatari 64, 10134, Tallinn, Estland (<a href=\"https:\/\/veronalabs.com\/\" rel=\"nofollow noopener\" target=\"_blank\">https:\/\/veronalabs.com<\/a>).<\/p><p>(2) Mit WP Statistics k\u00f6nnen wir die Nutzung unserer Website analysieren. WP Statistics erfasst dabei u.\u00a0a. Logdateien (anonymisierte IP-Adresse, Referrer, verwendete Browser, Herkunft des Nutzers, verwendete Suchmaschine) und Aktionen, die die Websitebesucher auf der Seite get\u00e4tigt haben (z.\u00a0B. Klicks und Ansichten).<\/p><p>(3) Die mit WP Statistics erfassten Daten werden ausschlie\u00dflich auf unserem eigenen Server gespeichert.<\/p><p>(4) Die Nutzung dieses Analyse-Tools erfolgt auf Grundlage unserer berechtigter Interessen gem\u00e4\u00df Art. 6 Abs. 1 lit. f DSGVO. Diese bestehen in einem wirtschaftlichen Interesse an einem ordentlichen Betrieb der Webseite.<\/p><p>(5) Wir verwenden WP Statistics mit anonymisierter IP. Ihre IP-Adresse wird dabei gek\u00fcrzt, sodass diese Ihnen nicht mehr direkt zugeordnet werden kann.<\/p><p>\u00a0<\/p><p><strong>10.Social Media<\/strong><\/p><p>1.Einsatz von Social-Media-Plug-ins<\/p><p>Wir setzen derzeit folgende Social-Media-Plug-ins ein:<\/p><p>\u00a0\u00a0\u00a0\u00a0\u00a0 Facebook, Instagram, LinkedIn<\/p><p>Den Anbieter des Plug-ins erkennen Sie \u00fcber die Markierung auf dem Kasten \u00fcber seinen Anfangsbuchstaben oder das Logo. Wir er\u00f6ffnen Ihnen die M\u00f6glichkeit, \u00fcber den Button direkt mit dem Anbieter des Plug-ins zu kommunizieren. Nur wenn Sie auf das markierte Feld klicken und es dadurch aktivieren, erh\u00e4lt der Plug-in-Anbieter die Information, dass Sie die entsprechende Website unseres Online-Angebots aufgerufen haben. Zudem werden die unter Ziffer 4 dieser Erkl\u00e4rung genannten Daten \u00fcbermittelt. Im Fall von Facebook wird nach Angaben der jeweiligen Anbieter in Deutschland die IP-Adresse sofort nach Erhebung anonymisiert. Durch die Aktivierung des Plug-ins werden also personenbezogene Daten von Ihnen an den jeweiligen Plug-in-Anbieter \u00fcbermittelt und dort (bei US-amerikanischen Anbietern in den USA) gespeichert. Da der Plug-in-Anbieter die Datenerhebung insbesondere \u00fcber Cookies vornimmt, empfehlen wir Ihnen, vor dem Klick auf den ausgegrauten Kasten \u00fcber die Sicherheitseinstellungen Ihres Browsers alle Cookies zu l\u00f6schen.<\/p><p>(2) Wir haben weder Einfluss auf die erhobenen Daten und Datenverarbeitungsvorg\u00e4nge, noch sind uns der volle Umfang der Datenerhebung, die Zwecke der Verarbeitung, die Speicherfristen bekannt. Auch zur L\u00f6schung der erhobenen Daten durch den Plug-in-Anbieter liegen uns keine Informationen vor.<\/p><p>(3) Der Plug-in-Anbieter speichert die \u00fcber Sie erhobenen Daten als Nutzungsprofile und nutzt diese f\u00fcr Zwecke der Werbung, Marktforschung und\/oder bedarfsgerechten Gestaltung seiner Website. Eine solche Auswertung erfolgt insbesondere (auch f\u00fcr nicht eingeloggte Nutzer) zur Darstellung von bedarfsgerechter Werbung und um andere Nutzer des sozialen Netzwerks \u00fcber Ihre Aktivit\u00e4ten auf unserer Website zu informieren. Ihnen steht ein Widerspruchsrecht gegen die Bildung dieser Nutzerprofile zu, wobei Sie sich zur Aus\u00fcbung dessen an den jeweiligen Plug-in-Anbieter wenden m\u00fcssen. \u00dcber die Plug-ins bieten wir Ihnen die M\u00f6glichkeit, mit den sozialen Netzwerken und anderen Nutzern zu interagieren, so dass wir unser Angebot verbessern und f\u00fcr Sie als Nutzer interessanter ausgestalten k\u00f6nnen. Rechtsgrundlage f\u00fcr die Nutzung der Plug-ins ist Art.\u00a06 Abs.\u00a01 S.\u00a01 lit. f DSGVO.<\/p><p>(4) Die Datenweitergabe erfolgt unabh\u00e4ngig davon, ob Sie ein Konto bei dem Plug-in-Anbieter besitzen und dort eingeloggt sind. Wenn Sie bei dem Plug-in-Anbieter eingeloggt sind, werden Ihre bei uns erhobenen Daten direkt Ihrem beim Plug-in-Anbieter bestehenden Konto zugeordnet. Wenn Sie den aktivierten Button bet\u00e4tigen und z. B. die Seite verlinken, speichert der Plug-in-Anbieter auch diese Information in Ihrem Nutzerkonto und teilt sie Ihren Kontakten \u00f6ffentlich mit. Wir empfehlen Ihnen, sich nach Nutzung eines sozialen Netzwerks regelm\u00e4\u00dfig auszuloggen, insbesondere jedoch vor Aktivierung des Buttons, da Sie so eine Zuordnung zu Ihrem Profil bei dem Plug-in-Anbieter vermeiden k\u00f6nnen.<\/p><p>(5) Weitere Informationen zu Zweck und Umfang der Datenerhebung und ihrer Verarbeitung durch den Plug-in-Anbieter erhalten Sie in den im Folgenden mitgeteilten Datenschutzerkl\u00e4rungen dieser Anbieter. Dort erhalten Sie auch weitere Informationen zu Ihren diesbez\u00fcglichen Rechten und Einstellungsm\u00f6glichkeiten zum Schutze Ihrer Privatsph\u00e4re.<\/p><p>(6) Adressen der jeweiligen Plug-in-Anbieter und URL mit deren Datenschutzhinweisen:<\/p><ol><li>a) Meta Platforms Ireland Ltd. (vormals Facebook Ireland Ltd. ), 4 Grand Canal Square, Grand Canal Harbour, Dublin 2, Irland, Mutterunternehmen: Meta Platforms Inc., 1 Hacker Way, Menlo Park, CA 94025, USA; Website:\u00a0<a href=\"https:\/\/www.google.com\/intl\/de\/policies\/privacy\/\" rel=\"nofollow noopener\" target=\"_blank\">https:\/\/www.facebook.com<\/a>; Datenschutzerkl\u00e4rung:\u00a0<a href=\"https:\/\/www.facebook.com\/about\/privacy\" rel=\"nofollow noopener\" target=\"_blank\">https:\/\/www.facebook.com\/about\/privacy<\/a>; Widerspruchsm\u00f6glichkeit (Opt-Out): Einstellungen f\u00fcr Werbeanzeigen:\u00a0<a href=\"https:\/\/www.facebook.com\/settings?tab=ads\" rel=\"nofollow noopener\" target=\"_blank\">https:\/\/www.facebook.com\/settings?tab=ads<\/a>; Zus\u00e4tzliche Hinweise zum Datenschutz: Vereinbarung \u00fcber gemeinsame Verarbeitung personenbezogener Daten auf Facebook-Seiten:\u00a0<a href=\"https:\/\/idr-datenschutz.de\/\" rel=\"nofollow noopener\" target=\"_blank\">https:\/\/www.facebook.com\/legal\/terms\/page_controller_addendum<\/a>, Datenschutzhinweise f\u00fcr Facebook-Seiten:\u00a0<a href=\"http:\/\/www.aboutads.info\/choices\/\" rel=\"nofollow noopener\" target=\"_blank\">https:\/\/www.facebook.com\/legal\/terms\/information_about_page_insights_data<\/a><\/li><li>b) LinkedIn Inc., 1000 W Maude Sunnyvale, California 94085, USA; https:\/\/www.linkedin.com\/legal\/privacy-policy. LinkedIn hat sich dem Trans-Atlantic Data Privacy Framework unterworfen.<\/li><li>c) Instagram\u00a0Inc., 1601 Willow Road, Menlo Park, CA, 94025, USA; Hierzu k\u00f6nnen z.B. Inhalte wie Bilder, Videos oder Texte und Schaltfl\u00e4chen geh\u00f6ren, mit denen Nutzer ihr Gefallen betreffend die Inhalte kundtun, den Verfassern der Inhalte oder unsere Beitr\u00e4ge abonnieren k\u00f6nnen. Sofern die Nutzer Mitglieder der Plattform Instagram sind, kann Instagram den Aufruf der o.g. Inhalte und Funktionen den dortigen Profilen der Nutzer zuordnen. Datenschutzerkl\u00e4rung von Instagram:\u00a0<a href=\"https:\/\/www.cloudflare.com\/privacypolicy\/\" rel=\"nofollow noopener\" target=\"_blank\">https:\/\/instagram.com\/about\/legal\/privacy\/<\/a>.<\/li><\/ol><p>\u00a0<\/p><p><strong>2.Einbindung von YouTube.Videos<\/strong><\/p><p>(1) Wir haben YouTube-Videos in unser Online-Angebot eingebunden, die auf https:\/\/www.YouTube.com gespeichert sind und von unserer Website aus direkt abspielbar sind. Diese sind alle im \u201eerweiterten Datenschutz-Modus\u201c eingebunden, d. h. dass keine Daten \u00fcber Sie als Nutzer an YouTube \u00fcbertragen werden, wenn Sie die Videos nicht abspielen. Erst wenn Sie die Videos abspielen, werden die in Absatz\u00a02 genannten Daten \u00fcbertragen. Auf diese Daten\u00fcbertragung haben wir keinen Einfluss.<\/p><p>(2) Durch den Besuch auf der Website erh\u00e4lt YouTube die Information, dass Sie die entsprechende Unterseite unserer Website aufgerufen haben. Zudem werden die unter Ziffer 4 dieser Erkl\u00e4rung genannten Daten \u00fcbermittelt. Dies erfolgt unabh\u00e4ngig davon, ob YouTube ein Nutzerkonto bereitstellt, \u00fcber das Sie eingeloggt sind, oder ob kein Nutzerkonto besteht. Wenn Sie bei Google eingeloggt sind, werden Ihre Daten direkt Ihrem Konto zugeordnet. Wenn Sie die Zuordnung mit Ihrem Profil bei YouTube nicht w\u00fcnschen, m\u00fcssen Sie sich vor Aktivierung des Buttons ausloggen. YouTube speichert Ihre Daten als Nutzungsprofile und nutzt sie f\u00fcr Zwecke der Werbung, Marktforschung und\/oder bedarfsgerechten Gestaltung seiner Website. Eine solche Auswertung erfolgt insbesondere (selbst f\u00fcr nicht eingeloggte Nutzer) zur Erbringung von bedarfsgerechter Werbung und um andere Nutzer des sozialen Netzwerks \u00fcber Ihre Aktivit\u00e4ten auf unserer Website zu informieren. Ihnen steht ein Widerspruchsrecht zu gegen die Bildung dieser Nutzerprofile, wobei Sie sich zur Aus\u00fcbung dessen an YouTube richten m\u00fcssen.<\/p><p>(3) Rechtsgrundlage ist Art. 6 Abs. 1 S. 1 lit. f) DSGVO (berechtigte Interessen) sowie Art. 6 Abs. 1 S. 1 lit. a) DSGVO (Einwilligung).<\/p><p>(4) Weitere Informationen zu Zweck und Umfang der Datenerhebung und ihrer Verarbeitung durch YouTube erhalten Sie in der Datenschutzerkl\u00e4rung. Dort erhalten Sie auch weitere Informationen zu Ihren Rechten und Einstellungsm\u00f6glichkeiten zum Schutze Ihrer Privatsph\u00e4re: https:\/\/www.google.de\/intl\/de\/policies\/privacy. Google verarbeitet Ihre personenbezogenen Daten auch in den USA und hat sich dem Trans-Atlantic Data Privacy Framework unterworfen.<\/p><p>\u00a0<\/p><p><strong>11. Plugins und Tools<\/strong><\/p><p>1.Borlabs Cookie<\/p><p>(1) Diese Website verwendet Borlabs Cookie, das zwei technisch notwendige Cookies (borlabsCookie und borlabsCookieUnblockContent) setzt, um ihre Cookie-Pr\u00e4ferenzen zu speichern.<\/p><p>(2) Der Einsatz erfolgt zur Erf\u00fcllung einer rechtlichen Verpflichtung auf Grundlage des Art. 6 Abs. 1 lit. c DSGVO sowie unserem berechtigten Interesse gem\u00e4\u00df Art. 6 Abs. 1 lit. f DSGVO. Das berechtigte Interesse besteht in der Anwenderfreundlichkeit der Website sowie in der Erf\u00fcllung der gesetzlichen Vorgaben aus der DSGVO.<\/p><p>(3) Borlabs Cookie\u00a0verarbeitet keinerlei personenbezogener Daten.<\/p><p>(4) Im Cookie &#8222;borlabsCookie&#8220;\u00a0wird Ihre gew\u00e4hlte Pr\u00e4ferenz gespeichert, die Sie beim Betreten der Website ausgew\u00e4hlt haben.\u00a0Das Cookie borlabsCookieUnblockContent\u00a0speichert, welche (externen)\u00a0Medien\/Inhalte Sie automatisch entsperrt haben m\u00f6chten.\u00a0M\u00f6chten Sie diese Einstellungen widerrufen, l\u00f6schen Sie einfach die Cookies in Ihrem Browser. Wenn Sie die Webseite neu betreten bzw.\u00a0neu laden, werden Sie erneut nach Ihrer Cookie-Pr\u00e4ferenz\u00a0gefragt.<\/p><p>\u00a0<\/p><p><strong>2.Antispam Bee<\/strong><\/p><p>(1) Diese Website nutzt das WordPress-Plugin \u201eAntispam Bee\u201c zum Schutz vor Spam-Nachrichten, insbesondere in Formularen und Kommentarbereichen. <br \/>(2) Antispam Bee pr\u00fcft eingehende Daten automatisiert, um Spam zu erkennen und zu blockieren.<\/p><p>Dabei k\u00f6nnen technische Informationen verarbeitet werden, insbesondere:<\/p><ul><li>IP-Adresse (ggf. gek\u00fcrzt oder anonymisiert, abh\u00e4ngig von der Konfiguration),<\/li><li>Zeitpunkt der Anfrage,<\/li><li>vom Browser \u00fcbermittelte Header-Informationen,<\/li><li>Informationen zur Erkennung von Spam (z. B. verwendete Begriffe).<\/li><\/ul><p>(3) Eine \u00dcbermittlung der Daten an Dritte oder in Drittstaaten findet nicht statt.<\/p><p>(4) Die Nutzung erfolgt auf Grundlage von Art. 6 Abs. 1 S. 1 lit. f) DSGVO \u2013 dem berechtigten Interesse an der Sicherheit der Website und der Abwehr von Missbrauch.<\/p><p>\u00a0<\/p><p><strong>3.Rank Math SEO<\/strong><\/p><p>(1) Diese Website nutzt das WordPress-Plugin \u201eRank Math SEO\u201c zur Suchmaschinenoptimierung.<br \/>(2) Das Plugin selbst verarbeitet keine personenbezogenen Daten der Website-Besucher. Rank Math dient ausschlie\u00dflich der technischen und inhaltlichen Optimierung der Website (z. B. Meta-Daten, Sitemaps, strukturierte Daten).<br \/>(3) Eine Auswertung von Besucherverhalten oder Tracking erfolgt durch Rank Math nicht.<\/p><p>(4) Rechtsgrundlage ist Art. 6 Abs. 1 S. 1 lit. f) DSGVO \u2013 dem berechtigten Interesse an der Optimierung der Website).<\/p><p>\u00a0<\/p><p><strong>4.WP Armour<\/strong><\/p><p>(1) Diese Website nutzt das Plugin \u201eWP Armour \u2013 Honeypot Anti Spam\u201c zum Schutz vor automatisierten Spam-Anfragen. WP Armour arbeitet mit einer sogenannten Honeypot-Technik, die f\u00fcr menschliche Nutzer unsichtbar ist. Dabei gilt:<\/p><ul><li>Es werden keine Cookies gesetzt.<\/li><li>Es erfolgt kein Tracking von Nutzern.<\/li><li>Es werden keine personenbezogenen Daten dauerhaft gespeichert.<\/li><li>Es findet keine Daten\u00fcbertragung an Dritte statt.<\/li><\/ul><p>(2) Die Pr\u00fcfung erfolgt automatisiert und dient der Sicherheit der Website sowie der Vermeidung von Missbrauch. Rechtsgrundlage ist unser berechtigtes Interesse gem\u00e4\u00df Art. 6 Abs. 1 S. 1 lit. f) DSGVO.<\/p><p>\u00a0<\/p><p>\u00a0<\/p><hr class=\"\" data-start=\"6309\" data-end=\"6312\" \/><h2 class=\"\" data-start=\"6314\" data-end=\"6339\"><strong data-start=\"6317\" data-end=\"6339\">Kontakt bei Fragen<\/strong><\/h2><p class=\"\" data-start=\"6341\" data-end=\"6450\">Wenn Sie Fragen zum Datenschutz oder zu dieser Erkl\u00e4rung haben, erreichen Sie uns unter:<br data-start=\"6429\" data-end=\"6432\" \/><strong data-start=\"6432\" data-end=\"6450\"><a class=\"cursor-pointer\" rel=\"noopener\" data-start=\"6434\" data-end=\"6448\">info@samiez.de<\/a><\/strong><\/p><p class=\"\" data-start=\"6452\" data-end=\"6473\"><strong data-start=\"6452\" data-end=\"6462\">Stand:<\/strong> 30.01.2026<\/p>\t\t\t\t\t\t\t\t<\/div>\n\t\t\t\t\t<\/div>\n\t\t<\/div>\n\t\t\t\t\t<\/div>\n\t\t<\/section>\n\t\t\t\t<\/div>\n\t\t","protected":false},"excerpt":{"rendered":"<p>Datenschutz&shy;erkl\u00e4rung \u00a0 Der Datenschutz ist der Ger\u00fcstbau Samiez GmbH ein besonderes Anliegen. Unsere Anstrengungen insbesondere den Anforderungen der Europ\u00e4ischen Datenschutzgrundverordnung (DSGVO) und dem Bundesdatenschutzgesetz in seiner neuen Fassung gerecht zu werden, sind in erster Linie an dem Ziel ausgerichtet Ihre Privat- und Pers\u00f6nlichkeitssph\u00e4re zu achten. F\u00fcr moderne Unternehmen wie der Ger\u00fcstbau Samiez GmbH ist heutzutage [&hellip;]<\/p>\n","protected":false},"author":5,"featured_media":0,"parent":0,"menu_order":0,"comment_status":"closed","ping_status":"closed","template":"elementor_header_footer","meta":{"footnotes":""},"class_list":["post-3","page","type-page","status-publish","hentry"],"_links":{"self":[{"href":"https:\/\/www.samiez.de\/geruestbau\/wp-json\/wp\/v2\/pages\/3","targetHints":{"allow":["GET"]}}],"collection":[{"href":"https:\/\/www.samiez.de\/geruestbau\/wp-json\/wp\/v2\/pages"}],"about":[{"href":"https:\/\/www.samiez.de\/geruestbau\/wp-json\/wp\/v2\/types\/page"}],"author":[{"embeddable":true,"href":"https:\/\/www.samiez.de\/geruestbau\/wp-json\/wp\/v2\/users\/5"}],"replies":[{"embeddable":true,"href":"https:\/\/www.samiez.de\/geruestbau\/wp-json\/wp\/v2\/comments?post=3"}],"version-history":[{"count":10,"href":"https:\/\/www.samiez.de\/geruestbau\/wp-json\/wp\/v2\/pages\/3\/revisions"}],"predecessor-version":[{"id":8301,"href":"https:\/\/www.samiez.de\/geruestbau\/wp-json\/wp\/v2\/pages\/3\/revisions\/8301"}],"wp:attachment":[{"href":"https:\/\/www.samiez.de\/geruestbau\/wp-json\/wp\/v2\/media?parent=3"}],"curies":[{"name":"wp","href":"https:\/\/api.w.org\/{rel}","templated":true}]}}